{"id":268,"date":"2024-11-29T18:08:39","date_gmt":"2024-11-29T18:08:39","guid":{"rendered":"https:\/\/www.martin-hausboot.de\/?page_id=268"},"modified":"2025-10-24T20:44:40","modified_gmt":"2025-10-24T20:44:40","slug":"rueckblick","status":"publish","type":"page","link":"https:\/\/www.martin-hausboot.de\/?page_id=268","title":{"rendered":"R\u00dcCKBLICKE 2024-2025"},"content":{"rendered":"\n<h2 class=\"wp-block-heading\">VLINDERSs Fahrten 2025<\/h2>\n\n\n\n<table id=\"tablepress-6\" class=\"tablepress tablepress-id-6\">\n<thead>\n<tr class=\"row-1\">\n\t<th class=\"column-1\"><strong>Blog-<\/strong><\/th><th class=\"column-2\"><strong>Datum<\/strong><\/th><th class=\"column-3\"><strong><\/strong><\/th><th class=\"column-4\"><strong>Route<\/strong><\/th><th class=\"column-5\"><strong><\/strong><\/th><th class=\"column-6\"><strong><\/strong><\/th><th class=\"column-7\"><strong>Anzahl<\/strong><\/th><th class=\"column-8\"><strong>H\u00f6hen<\/strong><\/th><th class=\"column-9\"><strong><\/strong><\/th>\n<\/tr>\n<tr class=\"row-2\">\n\t<th class=\"column-1\"><strong>Eintr\u00e4ge<\/strong><\/th><th class=\"column-2\"><strong>von <\/strong><\/th><th class=\"column-3\"><strong>bis<\/strong><\/th><th class=\"column-4\"><strong>von<\/strong><\/th><th class=\"column-5\"><strong>bis<\/strong><\/th><th class=\"column-6\"><strong>km<\/strong><\/th><th class=\"column-7\"><strong>Schleusen<\/strong><\/th><th class=\"column-8\"><strong>Unterschied<\/strong><\/th><th class=\"column-9\"><strong>Besonderheiten<\/strong><\/th>\n<\/tr>\n<\/thead>\n<tbody class=\"row-striping row-hover\">\n<tr class=\"row-3\">\n\t<td class=\"column-1\"><a href=\"https:\/\/blog.blu-venture.de\/category\/tagebuch-bluventure\/2025-frankreich-mit-vlinder\/saint-jean-de-losne-nach-basel-rheinfelden-apr-jun-2025\/\">Blogeintrag<\/a><br \/>\n<\/td><td class=\"column-2\">15.04.25<\/td><td class=\"column-3\">03.06.25<\/td><td class=\"column-4\">Saint Jean de Losne<\/td><td class=\"column-5\">Basel<br \/>\nRheinfelden<\/td><td class=\"column-6\">270<\/td><td class=\"column-7\">113<\/td><td class=\"column-8\">160 hoch<br \/>\n110 runter<br \/>\nScheitel bei Montreux<\/td><td class=\"column-9\">Tunnel Besancon,<br \/>\nder Rhein bei Basel<\/td>\n<\/tr>\n<tr class=\"row-4\">\n\t<td class=\"column-1\"><a href=\"https:\/\/blog.blu-venture.de\/category\/tagebuch-bluventure\/2025-frankreich-mit-vlinder\/basel-rheinfelden-nach-strassbourg-juni-2025\/\">Blogeintrag<\/a><br \/>\n<\/td><td class=\"column-2\">03.06.25<\/td><td class=\"column-3\">01.07.25<\/td><td class=\"column-4\">Basel<br \/>\nRheinfelden<\/td><td class=\"column-5\">Strasbourg<\/td><td class=\"column-6\">155<\/td><td class=\"column-7\">15<\/td><td class=\"column-8\">120 runter<\/td><td class=\"column-9\">Fahrt auf dem Rhein<\/td>\n<\/tr>\n<tr class=\"row-5\">\n\t<td class=\"column-1\"><a href=\"https:\/\/blog.blu-venture.de\/category\/tagebuch-bluventure\/2025-frankreich-mit-vlinder\/strasbourg-nach-nancy-im-juni-juli-2025\/\">Blogeintrag<\/a><\/td><td class=\"column-2\">01.07.25<\/td><td class=\"column-3\">30.07.25<\/td><td class=\"column-4\">Strasbourg<\/td><td class=\"column-5\">Nancy<\/td><td class=\"column-6\">161<\/td><td class=\"column-7\">54<\/td><td class=\"column-8\">130 hoch<br \/>\n70 runter<br \/>\nScheitel bei<br \/>\nGondrexange<\/td><td class=\"column-9\">Schr\u00e4gaufzug bei<br \/>\nArzviller, 45m und<br \/>\nTunnel  Arzviller 2306m, Tunnel Niderviller 475m<br \/>\nH\u00f6chste Schleuse Frankreichs mit 15,4m<\/td>\n<\/tr>\n<tr class=\"row-6\">\n\t<td class=\"column-1\"><a href=\"https:\/\/blog.blu-venture.de\/category\/tagebuch-bluventure\/2025-frankreich-mit-vlinder\/auf-der-mosel-von-nancy-nach-trier-im-august-2025\/\">Blogeintrag<\/a><\/td><td class=\"column-2\">30.07.25<\/td><td class=\"column-3\">30.8.25<\/td><td class=\"column-4\">Nancy<\/td><td class=\"column-5\">Trier<\/td><td class=\"column-6\">190<\/td><td class=\"column-7\">13<\/td><td class=\"column-8\">Mosel Fliussabw\u00e4rts<\/td><td class=\"column-9\">Mosel und Weinberge<\/td>\n<\/tr>\n<tr class=\"row-7\">\n\t<td class=\"column-1\"><a href=\"https:\/\/blog.blu-venture.de\/category\/tagebuch-bluventure\/2025-frankreich-mit-vlinder\/auf-der-saar-und-saar-kanal-von-trier-bis-rhien-marne-kanal-september-2025\/\">Blogeintrag<\/a><\/td><td class=\"column-2\">30.08.25<\/td><td class=\"column-3\">30.09.25<\/td><td class=\"column-4\">Trier<\/td><td class=\"column-5\">Rhein-Marne-Kanal<\/td><td class=\"column-6\">200<\/td><td class=\"column-7\">52<\/td><td class=\"column-8\">Saar Flussaufw\u00e4rts<\/td><td class=\"column-9\">H\u00f6chste Schleuse Frankreichs mit 15,4m<\/td>\n<\/tr>\n<tr class=\"row-8\">\n\t<td class=\"column-1\"><a href=\"https:\/\/blog.blu-venture.de\/category\/tagebuch-bluventure\/2025-frankreich-mit-vlinder\/rhein-marne-kanal-bis-saverne-september-2025\/\">Blogeintrag<\/a><\/td><td class=\"column-2\">30.09.25<\/td><td class=\"column-3\">07.10.25<\/td><td class=\"column-4\">Rhein-Marne-Kanal<\/td><td class=\"column-5\">Niderviller<\/td><td class=\"column-6\">60<\/td><td class=\"column-7\">15<\/td><td class=\"column-8\">100 hoch<\/td><td class=\"column-9\">&#8222;Schr\u00e4gaufzug bei<br \/>\nArzviller, 45m und<br \/>\nTunnel  Arzviller 2306m, Tunnel Niderviller 475m&#8220;<br \/>\nH\u00f6chste Schleuse Frankreichs mit 15,4m<\/td>\n<\/tr>\n<\/tbody>\n<tfoot>\n<tr class=\"row-9\">\n\t<th class=\"column-1\"><\/th><th class=\"column-2\"><\/th><th class=\"column-3\"><\/th><th class=\"column-4\"><strong>Summen<\/strong><\/th><th class=\"column-5\"><\/th><th class=\"column-6\"><strong>1035<\/strong><\/th><th class=\"column-7\"><strong>262<\/strong><\/th><th class=\"column-8\"><\/th><th class=\"column-9\"><\/th>\n<\/tr>\n<\/tfoot>\n<\/table>\n<!-- #tablepress-6 from cache -->\n\n\n<h3 class=\"wp-block-heading\">Hausbootfahrten Frankreich, Luxemburg und Deutschland<\/h3>\n\n\n\n<p>Dieses Jahr waren wir vom 20. April bis zum 7. Oktober mit unserer VLINDER haupts\u00e4chlich in Frankreich, aber auch in Luxemburg und Deutschland unterwegs.<br>Auf unserer Strecke von knapp<br>1000 Kilometer passierten wir<br>ca. 200 Schleusen (H\u00f6chste 15m),<br>zwei Tunnel (475m und 2306m) sowie<br>den <a href=\"https:\/\/maps.app.goo.gl\/1iJQVEoNNQwRSoW6A\">Schr\u00e4glift bei Arzviller<\/a> mit<br>45 m H\u00f6henunterschied.<br>Wir tuckerten ganz gem\u00fctlich vorbei an vielen verschiedenen Landschaften und Sehensw\u00fcrdigkeiten und besuchten Museen, Burgen und Schl\u00f6sser entlang der Strecke.<\/p>\n\n\n\n<p>F\u00fcr Spazierg\u00e4nge, Radelausfl\u00fcge im Gr\u00fcnen, Baden, Kaffee- und Kuchennachmittage war auch immer Zeit.<\/p>\n\n\n\n<p>Einige der Highlights waren Muhlhouse, Basel, Colmar, Stra\u00dfburg, Saverne, Nancy, Toul, Metz, Schengen, Grevenmacher, Trier, Saarburg, die Saarschleife, V\u00f6lklingen, Saarbr\u00fccken, Sarrebourg und Xouaxange.<\/p>\n\n\n\n<p>&nbsp;<br>All dies kannst Du nochmal in unserem <a href=\"https:\/\/blog.blu-venture.de\/category\/tagebuch-bluventure\/2025-frankreich-mit-vlinder\/\">Blog mit 142 Beitr\u00e4gen<\/a> nachlesen.<br>Rechts auf der Blogseite in der Scroll Zeile \u201e<em>T\u00f6rntagebuch Archiv \u2013 Seegebiete<\/em>\u201c<br>findest Du unter<br>\u201e<em>2025 VLINDERs Reisen in Frankreich<\/em>\u201c die einzelnen Routenabschnitte.<\/p>\n\n\n\n<p><br>Unsere urspr\u00fcnglich geplante Route, die uns wieder zum Winterlager in Saint-Jean-de-Losne f\u00fchren sollte, mussten wir im Sommer umplanen, weil zwei Kanalrouten, die vom Rhein-Marne-Kanal nach S\u00fcden zur Sa\u00f4ne f\u00fchren, teilweise gesperrt waren.<\/p>\n\n\n\n<p>Daher fuhren wir ab Nancy auf der Mosel talw\u00e4rts \u00fcber Toul und Metz bis nach Luxemburg und Trier. Von Trier aus folgten wir der Saar flussaufw\u00e4rts bis Saarbr\u00fccken, um dann die letzten Kilometer, den Saar-Kanal und Rhein-Marne-Kanal bis nach Saverne zu folgen.<\/p>\n\n\n\n<p>Jedoch war kurz vor Saverne am Tunnel von Niderviller erst einmal Schluss, da der Schr\u00e4glift bei Arzviller wegen eines defekten Motors au\u00dfer Betrieb war.<\/p>\n\n\n\n<p>Nun \u00fcberwintert die VLINDER jetzt bis April bei der <a href=\"https:\/\/maps.app.goo.gl\/tto7kEm9zADhNVy26\">Kuhnle-Marina in Niderviller<\/a>,<br>bis ab Mitte April die neue Saison zum Mitfahren startet.<\/p>\n\n\n\n<hr class=\"wp-block-separator has-alpha-channel-opacity\"\/>\n\n\n\n<h2 class=\"wp-block-heading\">VLINDERs Fahrten 2024<\/h2>\n\n\n\n<p>Hier eine kleine Routen-Collage<br>weiter unten gibt es eine tabellarische Aufstellung mit passenden Links zum Blog<\/p>\n\n\n\n<figure class=\"wp-block-gallery has-nested-images columns-default is-cropped wp-block-gallery-1 is-layout-flex wp-block-gallery-is-layout-flex\">\n<figure class=\"wp-block-image size-large\"><img loading=\"lazy\" decoding=\"async\" width=\"785\" height=\"1024\" data-id=\"301\" src=\"https:\/\/www.martin-hausboot.de\/wp-content\/uploads\/2024\/12\/Route24_word-785x1024.jpg\" alt=\"\" class=\"wp-image-301\" srcset=\"https:\/\/www.martin-hausboot.de\/wp-content\/uploads\/2024\/12\/Route24_word-785x1024.jpg 785w, https:\/\/www.martin-hausboot.de\/wp-content\/uploads\/2024\/12\/Route24_word-230x300.jpg 230w, https:\/\/www.martin-hausboot.de\/wp-content\/uploads\/2024\/12\/Route24_word-768x1002.jpg 768w, https:\/\/www.martin-hausboot.de\/wp-content\/uploads\/2024\/12\/Route24_word-1177x1536.jpg 1177w, https:\/\/www.martin-hausboot.de\/wp-content\/uploads\/2024\/12\/Route24_word-1570x2048.jpg 1570w, https:\/\/www.martin-hausboot.de\/wp-content\/uploads\/2024\/12\/Route24_word-scaled.jpg 1962w\" sizes=\"auto, (max-width: 785px) 100vw, 785px\" \/><\/figure>\n<\/figure>\n\n\n\n<p>Tabellarische Aufstellung <br>&gt;&gt;&gt; klicke links in der Zeile auf <strong>BLOG<\/strong>, um zum entsprechenden Blogeintrag zu gelangen &lt;&lt;&lt;<\/p>\n\n\n\n<table id=\"tablepress-3\" class=\"tablepress tablepress-id-3\">\n<thead>\n<tr class=\"row-1\">\n\t<th class=\"column-1\"><strong>Blog<\/strong><\/th><th colspan=\"2\" class=\"column-2\"><strong>Datum<\/strong><\/th><th class=\"column-4\"><strong>Anzahl<\/strong><\/th><th colspan=\"2\" class=\"column-5\"><strong>Ort<\/strong><\/th><th class=\"column-7\"><strong><\/strong><\/th><th class=\"column-8\"><strong>Anzahl<\/strong><\/th><th class=\"column-9\"><strong>H\u00f6hen<\/strong><\/th><th class=\"column-10\"><\/th><th class=\"column-11\"><\/th>\n<\/tr>\n<tr class=\"row-2\">\n\t<th class=\"column-1\"><strong>Link<\/strong><\/th><th class=\"column-2\"><strong>von <\/strong><\/th><th class=\"column-3\"><strong>bis<\/strong><\/th><th class=\"column-4\"><strong>Tage<\/strong><\/th><th class=\"column-5\"><strong>von<\/strong><\/th><th class=\"column-6\"><strong>bis<\/strong><\/th><th class=\"column-7\"><strong>Km<\/strong><\/th><th class=\"column-8\"><strong>Schleusen<\/strong><\/th><th class=\"column-9\"><strong>Unterschied<\/strong><\/th><th class=\"column-10\"><strong>Besonderheiten<\/strong><\/th><th class=\"column-11\"><strong>Ortschaften<\/strong><\/th>\n<\/tr>\n<\/thead>\n<tbody class=\"row-striping row-hover\">\n<tr class=\"row-3\">\n\t<td class=\"column-1\"><a href=\"https:\/\/blog.blu-venture.de\/category\/tagebuch-bluventure\/2024-vlinders-reisen\/erste-tour-auf-der-schelde-und-leie-gent-gent-im-juni2024\/\" rel=\"noopener\" target=\"_blank\">BLOG<\/a><\/td><td class=\"column-2\">29.05.24<\/td><td class=\"column-3\">14.06.24<\/td><td class=\"column-4\">16<\/td><td class=\"column-5\">Gent<\/td><td class=\"column-6\">Gent<\/td><td class=\"column-7\">100<\/td><td class=\"column-8\">15<\/td><td class=\"column-9\">20 &#8211; 40<\/td><td class=\"column-10\">Altstadt Gent<\/td><td class=\"column-11\">Gent, Gavere, Oudenaarde, Avelgem, Bossuit, Moen, Zwevegem, Harlebeke, Deinze, St. Martens-Latem, Gent<\/td>\n<\/tr>\n<tr class=\"row-4\">\n\t<td class=\"column-1\"><a href=\"https:\/\/blog.blu-venture.de\/category\/tagebuch-bluventure\/2024-vlinders-reisen\/richtung-sueden-von-gent-bis-namur-juni-juli2024\/\" rel=\"noopener\" target=\"_blank\">BLOG<\/a><\/td><td class=\"column-2\">15.06.24<\/td><td class=\"column-3\">15.07.24<\/td><td class=\"column-4\">30<\/td><td class=\"column-5\">Gent<\/td><td class=\"column-6\">Namur<\/td><td class=\"column-7\">300<\/td><td class=\"column-8\">28<\/td><td class=\"column-9\">80 &#8211; 190<\/td><td class=\"column-10\">Hebewerk bei Thieu 73,15m !!!<\/td><td class=\"column-11\">Gent, Gavere, Oudenaarde, Avelgem, Tournai, Baudor, Mons, Thieu, Seneffe,Charleroi, Chatelet, Floreffe, Namur, Yvoir, Dinant, Givet<\/td>\n<\/tr>\n<tr class=\"row-5\">\n\t<td class=\"column-1\"><a href=\"https:\/\/blog.blu-venture.de\/category\/tagebuch-bluventure\/2024-vlinders-reisen\/namur-bis-verdun-juli2024\/\" rel=\"noopener\" target=\"_blank\">BLOG<\/a><\/td><td class=\"column-2\">15.07.24<\/td><td class=\"column-3\">14.08.24<\/td><td class=\"column-4\">30<\/td><td class=\"column-5\">Namur<\/td><td class=\"column-6\">Verdun<\/td><td class=\"column-7\">320<\/td><td class=\"column-8\">70<\/td><td class=\"column-9\">170<\/td><td class=\"column-10\">2 Tunnel<\/td><td class=\"column-11\">Givet, Revin, Charleville Mezieres, Sedan, Verdun, Commercy, Troussey, Toul, Liverdun, Frouard, Nancy<\/td>\n<\/tr>\n<tr class=\"row-6\">\n\t<td class=\"column-1\"><a href=\"https:\/\/blog.blu-venture.de\/category\/tagebuch-bluventure\/2024-vlinders-reisen\/verdun-bis-nancy-juli-august2024\/\" rel=\"noopener\" target=\"_blank\">BLOG<\/a><\/td><td class=\"column-2\">15.08.24<\/td><td class=\"column-3\">27.08.24<\/td><td class=\"column-4\">12<\/td><td class=\"column-5\">Verdun<\/td><td class=\"column-6\">Nancy<\/td><td class=\"column-7\">100<\/td><td class=\"column-8\">27<\/td><td class=\"column-9\">36<\/td><td class=\"column-10\">1 Tunnel<\/td><td class=\"column-11\">Nancy, Neuves-Maisons, Toul, Liverdun, Frouard, Nancy<\/td>\n<\/tr>\n<tr class=\"row-7\">\n\t<td class=\"column-1\"><a href=\"https:\/\/blog.blu-venture.de\/category\/tagebuch-bluventure\/2024-vlinders-reisen\/nancy-bis-corre-august-2024\/\" rel=\"noopener\" target=\"_blank\">BLOG<\/a><\/td><td class=\"column-2\">28.08.24<\/td><td class=\"column-3\">12.09.24<\/td><td class=\"column-4\">15<\/td><td class=\"column-5\">Nancy<\/td><td class=\"column-6\">Corre<\/td><td class=\"column-7\">150<\/td><td class=\"column-8\">100<\/td><td class=\"column-9\">130<\/td><td class=\"column-10\"><\/td><td class=\"column-11\">Nancy, Neuves-Maisons, Bayon, Charmes, Epinal, Girancourt, Hautmougey, Bains-les-Bains, Corre<\/td>\n<\/tr>\n<tr class=\"row-8\">\n\t<td class=\"column-1\"><a href=\"https:\/\/blog.blu-venture.de\/category\/tagebuch-bluventure\/2024-vlinders-reisen\/auf-der-saone-bis-saint-jean-de-losne-sep2024\/\" rel=\"noopener\" target=\"_blank\">BLOG<\/a><\/td><td class=\"column-2\">12.09.24<\/td><td class=\"column-3\">26.09.24<\/td><td class=\"column-4\">22<\/td><td class=\"column-5\">Corre<\/td><td class=\"column-6\">Dijon<\/td><td class=\"column-7\">190<\/td><td class=\"column-8\">40<\/td><td class=\"column-9\">46<\/td><td class=\"column-10\"><br \/>\n2 Tunnel, St. Albin und Savoyeux<\/td><td class=\"column-11\">Corre, Port -s Saone, Seveux, Gray,Heuilley-s-Saone, Pontailler, Auxonne, St.Jean-de-Losne, Dijon<\/td>\n<\/tr>\n<tr class=\"row-9\">\n\t<td class=\"column-1\"><a href=\"https:\/\/blog.blu-venture.de\/category\/tagebuch-bluventure\/2024-vlinders-reisen\/winterlager-in-st-jean-de-losne\/\" rel=\"noopener\" target=\"_blank\">BLOG<\/a><\/td><td class=\"column-2\">026.09.24<\/td><td class=\"column-3\">09.10.24<\/td><td class=\"column-4\">5<\/td><td class=\"column-5\">Dijon<\/td><td class=\"column-6\">St. Jean de Losne<\/td><td class=\"column-7\">240<\/td><td class=\"column-8\">25<\/td><td class=\"column-9\">28<\/td><td class=\"column-10\"><\/td><td class=\"column-11\">Seurre, Chalon-s-Saone, Tournuss,, Macon, Belleville, Lyon<\/td>\n<\/tr>\n<\/tbody>\n<tfoot>\n<tr class=\"row-10\">\n\t<th class=\"column-1\"><strong><\/strong><\/th><th class=\"column-2\"><strong><\/strong><\/th><th class=\"column-3\"><strong>SUMMEN<\/strong><\/th><th class=\"column-4\"><strong>130<\/strong><\/th><th class=\"column-5\"><strong><\/strong><\/th><th class=\"column-6\"><strong><\/strong><\/th><th class=\"column-7\"><strong>1400<\/strong><\/th><th class=\"column-8\"><strong>305<\/strong><\/th><th class=\"column-9\"><strong><\/strong><\/th><th class=\"column-10\"><\/th><th class=\"column-11\"><\/th>\n<\/tr>\n<\/tfoot>\n<\/table>\n<!-- #tablepress-3 from cache -->\n\n\n<p><\/p>\n","protected":false},"excerpt":{"rendered":"<p>VLINDERSs Fahrten 2025 Hausbootfahrten Frankreich, Luxemburg und Deutschland Dieses Jahr waren wir vom 20. April bis zum 7. Oktober mit unserer VLINDER haupts\u00e4chlich in Frankreich, aber auch in Luxemburg und Deutschland unterwegs.Auf unserer Strecke von knapp1000 Kilometer passierten wirca. 200 Schleusen (H\u00f6chste 15m),zwei Tunnel (475m und 2306m) sowieden Schr\u00e4glift bei Arzviller mit45 m H\u00f6henunterschied.Wir tuckerten [&hellip;]<\/p>\n","protected":false},"author":2,"featured_media":0,"parent":0,"menu_order":0,"comment_status":"closed","ping_status":"closed","template":"","meta":{"footnotes":""},"class_list":["post-268","page","type-page","status-publish","hentry"],"_links":{"self":[{"href":"https:\/\/www.martin-hausboot.de\/index.php?rest_route=\/wp\/v2\/pages\/268","targetHints":{"allow":["GET"]}}],"collection":[{"href":"https:\/\/www.martin-hausboot.de\/index.php?rest_route=\/wp\/v2\/pages"}],"about":[{"href":"https:\/\/www.martin-hausboot.de\/index.php?rest_route=\/wp\/v2\/types\/page"}],"author":[{"embeddable":true,"href":"https:\/\/www.martin-hausboot.de\/index.php?rest_route=\/wp\/v2\/users\/2"}],"replies":[{"embeddable":true,"href":"https:\/\/www.martin-hausboot.de\/index.php?rest_route=%2Fwp%2Fv2%2Fcomments&post=268"}],"version-history":[{"count":16,"href":"https:\/\/www.martin-hausboot.de\/index.php?rest_route=\/wp\/v2\/pages\/268\/revisions"}],"predecessor-version":[{"id":764,"href":"https:\/\/www.martin-hausboot.de\/index.php?rest_route=\/wp\/v2\/pages\/268\/revisions\/764"}],"wp:attachment":[{"href":"https:\/\/www.martin-hausboot.de\/index.php?rest_route=%2Fwp%2Fv2%2Fmedia&parent=268"}],"curies":[{"name":"wp","href":"https:\/\/api.w.org\/{rel}","templated":true}]}}